{"id":16,"date":"2022-02-16T07:57:27","date_gmt":"2022-02-16T07:57:27","guid":{"rendered":"https:\/\/phev.stjeromemitsubishi.ca\/?page_id=16"},"modified":"2024-10-29T09:54:05","modified_gmt":"2024-10-29T14:54:05","slug":"16-2","status":"publish","type":"page","link":"https:\/\/phev.stjeromemitsubishi.ca\/","title":{"rendered":"homepage"},"content":{"rendered":"<p>[et_pb_section fb_built=\u00a0\u00bb1&Prime; _builder_version=\u00a0\u00bb4.16&Prime; _module_preset=\u00a0\u00bbdefault\u00a0\u00bb background_image=\u00a0\u00bbhttps:\/\/phev.stjeromemitsubishi.ca\/wp-content\/uploads\/2022\/03\/Hero-1.jpg\u00a0\u00bb global_colors_info=\u00a0\u00bb{}\u00a0\u00bb][et_pb_row column_structure=\u00a0\u00bb1_2,1_2&Prime; use_custom_gutter=\u00a0\u00bbon\u00a0\u00bb _builder_version=\u00a0\u00bb4.16&Prime; _module_preset=\u00a0\u00bbdefault\u00a0\u00bb width=\u00a0\u00bb90%\u00a0\u00bb module_alignment=\u00a0\u00bbright\u00a0\u00bb custom_padding=\u00a0\u00bb|50px|||false|false\u00a0\u00bb global_colors_info=\u00a0\u00bb{}\u00a0\u00bb][et_pb_column type=\u00a0\u00bb1_2&Prime; _builder_version=\u00a0\u00bb4.16&Prime; _module_preset=\u00a0\u00bbdefault\u00a0\u00bb global_colors_info=\u00a0\u00bb{}\u00a0\u00bb][\/et_pb_column][et_pb_column type=\u00a0\u00bb1_2&Prime; _builder_version=\u00a0\u00bb4.16&Prime; _module_preset=\u00a0\u00bbdefault\u00a0\u00bb background_color=\u00a0\u00bbrgba(0,0,0,0.7)\u00a0\u00bb custom_padding=\u00a0\u00bb50px|35px|50px|35px|true|true\u00a0\u00bb global_colors_info=\u00a0\u00bb{}\u00a0\u00bb][et_pb_text _builder_version=\u00a0\u00bb4.16&Prime; _module_preset=\u00a0\u00bbdefault\u00a0\u00bb header_4_font=\u00a0\u00bb|800|||||||\u00a0\u00bb header_4_text_color=\u00a0\u00bb#FFFFFF\u00a0\u00bb header_4_font_size=\u00a0\u00bb28px\u00a0\u00bb header_4_line_height=\u00a0\u00bb1.2em\u00a0\u00bb width=\u00a0\u00bb100%\u00a0\u00bb global_colors_info=\u00a0\u00bb{}\u00a0\u00bb]<\/p>\n<h4>N\u2019attendez plus et r\u00e9servez<br \/>le tout nouveau Outlander<br \/>PHEV 2025.<\/h4>\n<p>Remplissez ce formulaire et nous vous contacterons<br \/>dans les plus brefs d\u00e9lais.<\/p>\n<p>[\/et_pb_text][et_pb_contact_form captcha=\u00a0\u00bboff\u00a0\u00bb email=\u00a0\u00bbnewindlanding-saintjeromemitsubishi@leadactivix.ca,  iphilippon@stjeromemitsubishi.ca, mdemers@@stjeromemitsubishi.ca, philippe.baron@thenewind.com, danny.gilbert@thenewind.com\u00a0\u00bb custom_message=\u00a0\u00bb<adf>||et_pb_line_break_holder||    <prospect>||et_pb_line_break_holder||        <customer>||et_pb_line_break_holder||            <contact>||et_pb_line_break_holder||                <name part=%22name%22>%%Name%%<\/name>||et_pb_line_break_holder||                <phone type=%22phone%22 time=%22nopreference%22>+1%%Phone%%<\/phone>||et_pb_line_break_holder||                <email>%%Email%%<\/email>||et_pb_line_break_holder||            <\/contact>||et_pb_line_break_holder||        <\/customer>||et_pb_line_break_holder||            <vehicle>||et_pb_line_break_holder||                <year>2024<\/year>||et_pb_line_break_holder||                <make>Mitsubishi<\/make>||et_pb_line_break_holder||                <model>PHEV<\/model>||et_pb_line_break_holder||            <\/vehicle>||et_pb_line_break_holder||        <provider>||et_pb_line_break_holder||            <name>Newind<\/name>||et_pb_line_break_holder||            <email>newindlanding-saintjeromemitsubishi@leadactivix.ca<\/email>||et_pb_line_break_holder||            <\/p>\n<form>St-j\u00e9r\u00f4me Mitsubishi &#8211; PHEV 2025<\/form>\n<p>||et_pb_line_break_holder||            <campaign>PHEV 2025<\/campaign>||et_pb_line_break_holder||            <searchterm>PHEV 2025<\/searchterm>||et_pb_line_break_holder||            <keyword>PHEV 2025<\/keyword>||et_pb_line_break_holder||        <\/provider>||et_pb_line_break_holder||    <\/prospect>||et_pb_line_break_holder||<\/adf>\u00a0\u00bb success_message=\u00a0\u00bbLe message a \u00e9t\u00e9 envoy\u00e9 avec succ\u00e8s !\u00a0\u00bb submit_button_text=\u00a0\u00bbSOUMETTRE\u00a0\u00bb _builder_version=\u00a0\u00bb4.22.2&Prime; _module_preset=\u00a0\u00bbdefault\u00a0\u00bb _unique_id=\u00a0\u00bbf2a89416-ee3b-46cc-a7f2-f1c3d26f1b57&Prime; form_field_background_color=\u00a0\u00bbRGBA(255,255,255,0)\u00a0\u00bb form_field_text_color=\u00a0\u00bb#FFFFFF\u00a0\u00bb form_field_focus_text_color=\u00a0\u00bb#FFFFFF\u00a0\u00bb custom_button=\u00a0\u00bbon\u00a0\u00bb button_text_color=\u00a0\u00bb#FFFFFF\u00a0\u00bb button_bg_color=\u00a0\u00bb#ed0000&Prime; button_border_color=\u00a0\u00bbRGBA(255,255,255,0)\u00a0\u00bb button_border_radius=\u00a0\u00bb0px\u00a0\u00bb button_font=\u00a0\u00bb|700|||||||\u00a0\u00bb button_use_icon=\u00a0\u00bboff\u00a0\u00bb border_width_all=\u00a0\u00bb2px\u00a0\u00bb border_color_all=\u00a0\u00bb#FFFFFF\u00a0\u00bb global_colors_info=\u00a0\u00bb{}\u00a0\u00bb][et_pb_contact_field field_id=\u00a0\u00bbName\u00a0\u00bb field_title=\u00a0\u00bbVotre nom et pr\u00e9nom\u00a0\u00bb fullwidth_field=\u00a0\u00bbon\u00a0\u00bb _builder_version=\u00a0\u00bb4.16&Prime; global_colors_info=\u00a0\u00bb{}\u00a0\u00bb button_text_size__hover_enabled=\u00a0\u00bboff\u00a0\u00bb button_one_text_size__hover_enabled=\u00a0\u00bboff\u00a0\u00bb button_two_text_size__hover_enabled=\u00a0\u00bboff\u00a0\u00bb button_text_color__hover_enabled=\u00a0\u00bboff\u00a0\u00bb button_one_text_color__hover_enabled=\u00a0\u00bboff\u00a0\u00bb button_two_text_color__hover_enabled=\u00a0\u00bboff\u00a0\u00bb button_border_width__hover_enabled=\u00a0\u00bboff\u00a0\u00bb button_one_border_width__hover_enabled=\u00a0\u00bboff\u00a0\u00bb button_two_border_width__hover_enabled=\u00a0\u00bboff\u00a0\u00bb button_border_color__hover_enabled=\u00a0\u00bboff\u00a0\u00bb button_one_border_color__hover_enabled=\u00a0\u00bboff\u00a0\u00bb button_two_border_color__hover_enabled=\u00a0\u00bboff\u00a0\u00bb button_border_radius__hover_enabled=\u00a0\u00bboff\u00a0\u00bb button_one_border_radius__hover_enabled=\u00a0\u00bboff\u00a0\u00bb button_two_border_radius__hover_enabled=\u00a0\u00bboff\u00a0\u00bb button_letter_spacing__hover_enabled=\u00a0\u00bboff\u00a0\u00bb button_one_letter_spacing__hover_enabled=\u00a0\u00bboff\u00a0\u00bb button_two_letter_spacing__hover_enabled=\u00a0\u00bboff\u00a0\u00bb button_bg_color__hover_enabled=\u00a0\u00bboff\u00a0\u00bb button_one_bg_color__hover_enabled=\u00a0\u00bboff\u00a0\u00bb button_two_bg_color__hover_enabled=\u00a0\u00bboff\u00a0\u00bb][\/et_pb_contact_field][et_pb_contact_field field_id=\u00a0\u00bbphone\u00a0\u00bb field_title=\u00a0\u00bbVotre num\u00e9ro de t\u00e9l\u00e9phone\u00a0\u00bb fullwidth_field=\u00a0\u00bbon\u00a0\u00bb _builder_version=\u00a0\u00bb4.16&Prime; _module_preset=\u00a0\u00bbdefault\u00a0\u00bb global_colors_info=\u00a0\u00bb{}\u00a0\u00bb][\/et_pb_contact_field][et_pb_contact_field field_id=\u00a0\u00bbemail\u00a0\u00bb field_title=\u00a0\u00bbVotre courriel\u00a0\u00bb field_type=\u00a0\u00bbemail\u00a0\u00bb fullwidth_field=\u00a0\u00bbon\u00a0\u00bb _builder_version=\u00a0\u00bb4.16&Prime; _module_preset=\u00a0\u00bbdefault\u00a0\u00bb global_colors_info=\u00a0\u00bb{}\u00a0\u00bb][\/et_pb_contact_field][\/et_pb_contact_form][\/et_pb_column][\/et_pb_row][\/et_pb_section][et_pb_section fb_built=\u00a0\u00bb1&Prime; _builder_version=\u00a0\u00bb4.16&Prime; _module_preset=\u00a0\u00bbdefault\u00a0\u00bb global_colors_info=\u00a0\u00bb{}\u00a0\u00bb][et_pb_row use_custom_gutter=\u00a0\u00bbon\u00a0\u00bb gutter_width=\u00a0\u00bb4&Prime; _builder_version=\u00a0\u00bb4.16&Prime; _module_preset=\u00a0\u00bbdefault\u00a0\u00bb global_colors_info=\u00a0\u00bb{}\u00a0\u00bb][et_pb_column type=\u00a0\u00bb4_4&Prime; _builder_version=\u00a0\u00bb4.16&Prime; _module_preset=\u00a0\u00bbdefault\u00a0\u00bb global_colors_info=\u00a0\u00bb{}\u00a0\u00bb][et_pb_text content_tablet=\u00a0\u00bb<\/p>\n<h2 class=%22outlander-title%22><strong>OUTLANDER PHEV 2025<\/strong><\/h2>\n<p>\u00a0\u00bb content_phone=\u00a0\u00bb<\/p>\n<h2 class=%22outlander-title%22><strong>OUTLANDER PHEV 2025<\/strong><\/h2>\n<p>\u00a0\u00bb content_last_edited=\u00a0\u00bbon|desktop\u00a0\u00bb _builder_version=\u00a0\u00bb4.16&Prime; _module_preset=\u00a0\u00bbdefault\u00a0\u00bb header_2_text_align=\u00a0\u00bbcenter\u00a0\u00bb header_2_text_color=\u00a0\u00bb#000000&Prime; header_2_font_size=\u00a0\u00bb50px\u00a0\u00bb global_colors_info=\u00a0\u00bb{}\u00a0\u00bb]<\/p>\n<h2 class=\"outlander-title\"><strong>OUTLANDER PHEV 2025<\/strong><\/h2>\n<p>[\/et_pb_text][et_pb_slider use_text_overlay=\u00a0\u00bboff\u00a0\u00bb arrows_custom_color=\u00a0\u00bb#E02B20&Prime; disabled_on=\u00a0\u00bbon|off|off\u00a0\u00bb module_id=\u00a0\u00bboutlander-details\u00a0\u00bb _builder_version=\u00a0\u00bb4.22.2&Prime; _module_preset=\u00a0\u00bbdefault\u00a0\u00bb background_color=\u00a0\u00bb#FFFFFF\u00a0\u00bb custom_margin=\u00a0\u00bb||0px||false|false\u00a0\u00bb custom_padding=\u00a0\u00bb50px||50px||false|false\u00a0\u00bb animation_style=\u00a0\u00bbfade\u00a0\u00bb animation_speed_curve=\u00a0\u00bblinear\u00a0\u00bb auto=\u00a0\u00bbon\u00a0\u00bb hover_transition_speed_curve=\u00a0\u00bblinear\u00a0\u00bb global_colors_info=\u00a0\u00bb{}\u00a0\u00bb][et_pb_slide use_bg_overlay=\u00a0\u00bboff\u00a0\u00bb arrows_custom_color=\u00a0\u00bb#E02B20&Prime; dot_nav_custom_color=\u00a0\u00bb#E02B20&Prime; _builder_version=\u00a0\u00bb4.22.2&Prime; _module_preset=\u00a0\u00bbdefault\u00a0\u00bb header_font=\u00a0\u00bb|800|||||||\u00a0\u00bb background_enable_color=\u00a0\u00bboff\u00a0\u00bb background_layout=\u00a0\u00bblight\u00a0\u00bb custom_padding=\u00a0\u00bb|0px||0px|false|false\u00a0\u00bb border_style_all_image=\u00a0\u00bbnone\u00a0\u00bb global_colors_info=\u00a0\u00bb{}\u00a0\u00bb sticky_transition=\u00a0\u00bbon\u00a0\u00bb]<\/p>\n<p><img loading=\"lazy\" decoding=\"async\" src=\"https:\/\/phev.stjeromemitsubishi.ca\/wp-content\/uploads\/2023\/12\/Landing-page-avec-De.jpg\" width=\"1060\" height=\"470\" alt=\"\" class=\"wp-image-370 aligncenter size-full\" srcset=\"https:\/\/phev.stjeromemitsubishi.ca\/wp-content\/uploads\/2023\/12\/Landing-page-avec-De.jpg 1060w, https:\/\/phev.stjeromemitsubishi.ca\/wp-content\/uploads\/2023\/12\/Landing-page-avec-De-980x435.jpg 980w, https:\/\/phev.stjeromemitsubishi.ca\/wp-content\/uploads\/2023\/12\/Landing-page-avec-De-480x213.jpg 480w\" sizes=\"auto, (min-width: 0px) and (max-width: 480px) 480px, (min-width: 481px) and (max-width: 980px) 980px, (min-width: 981px) 1060px, 100vw\" \/><\/p>\n<p>[\/et_pb_slide][et_pb_slide use_bg_overlay=\u00a0\u00bboff\u00a0\u00bb arrows_custom_color=\u00a0\u00bb#E02B20&Prime; dot_nav_custom_color=\u00a0\u00bb#E02B20&Prime; _builder_version=\u00a0\u00bb4.16&Prime; _module_preset=\u00a0\u00bbdefault\u00a0\u00bb header_font=\u00a0\u00bb|800|||||||\u00a0\u00bb background_enable_color=\u00a0\u00bboff\u00a0\u00bb background_layout=\u00a0\u00bblight\u00a0\u00bb custom_padding=\u00a0\u00bb|0px||0px|false|false\u00a0\u00bb border_style_all_image=\u00a0\u00bbnone\u00a0\u00bb global_colors_info=\u00a0\u00bb{}\u00a0\u00bb sticky_transition=\u00a0\u00bbon\u00a0\u00bb]<\/p>\n<p><img decoding=\"async\" src=\"https:\/\/phev.stjeromemitsubishi.ca\/wp-content\/uploads\/2022\/03\/PHEV2023-SAWC.jpg\" \/><\/p>\n<p>[\/et_pb_slide][et_pb_slide use_bg_overlay=\u00a0\u00bboff\u00a0\u00bb arrows_custom_color=\u00a0\u00bb#E02B20&Prime; dot_nav_custom_color=\u00a0\u00bb#E02B20&Prime; _builder_version=\u00a0\u00bb4.22.2&Prime; _module_preset=\u00a0\u00bbdefault\u00a0\u00bb header_font=\u00a0\u00bb|800|||||||\u00a0\u00bb background_enable_color=\u00a0\u00bboff\u00a0\u00bb background_layout=\u00a0\u00bblight\u00a0\u00bb custom_padding=\u00a0\u00bb|0px||0px|false|false\u00a0\u00bb border_style_all_image=\u00a0\u00bbnone\u00a0\u00bb global_colors_info=\u00a0\u00bb{}\u00a0\u00bb sticky_transition=\u00a0\u00bbon\u00a0\u00bb]<\/p>\n<p><img loading=\"lazy\" decoding=\"async\" src=\"https:\/\/phev.stjeromemitsubishi.ca\/wp-content\/uploads\/2023\/12\/7-passagers-V2.jpg\" width=\"1060\" height=\"470\" alt=\"\" class=\"wp-image-371 aligncenter size-full\" srcset=\"https:\/\/phev.stjeromemitsubishi.ca\/wp-content\/uploads\/2023\/12\/7-passagers-V2.jpg 1060w, https:\/\/phev.stjeromemitsubishi.ca\/wp-content\/uploads\/2023\/12\/7-passagers-V2-980x435.jpg 980w, https:\/\/phev.stjeromemitsubishi.ca\/wp-content\/uploads\/2023\/12\/7-passagers-V2-480x213.jpg 480w\" sizes=\"auto, (min-width: 0px) and (max-width: 480px) 480px, (min-width: 481px) and (max-width: 980px) 980px, (min-width: 981px) 1060px, 100vw\" \/><\/p>\n<p>[\/et_pb_slide][et_pb_slide use_bg_overlay=\u00a0\u00bboff\u00a0\u00bb arrows_custom_color=\u00a0\u00bb#E02B20&Prime; dot_nav_custom_color=\u00a0\u00bb#E02B20&Prime; _builder_version=\u00a0\u00bb4.16&Prime; _module_preset=\u00a0\u00bbdefault\u00a0\u00bb header_font=\u00a0\u00bb|800|||||||\u00a0\u00bb background_enable_color=\u00a0\u00bboff\u00a0\u00bb background_layout=\u00a0\u00bblight\u00a0\u00bb custom_padding=\u00a0\u00bb|0px||0px|false|false\u00a0\u00bb border_style_all_image=\u00a0\u00bbnone\u00a0\u00bb global_colors_info=\u00a0\u00bb{}\u00a0\u00bb sticky_transition=\u00a0\u00bbon\u00a0\u00bb]<\/p>\n<p><img decoding=\"async\" src=\"https:\/\/phev.stjeromemitsubishi.ca\/wp-content\/uploads\/2022\/03\/PHEV2023-Remboursable.jpg\" \/><\/p>\n<p>[\/et_pb_slide][\/et_pb_slider][et_pb_slider disabled_on=\u00a0\u00bboff|on|on\u00a0\u00bb module_id=\u00a0\u00bboutlander-details\u00a0\u00bb _builder_version=\u00a0\u00bb4.22.2&Prime; _module_preset=\u00a0\u00bbdefault\u00a0\u00bb background_color=\u00a0\u00bb#FFFFFF\u00a0\u00bb custom_margin=\u00a0\u00bb||0px||false|false\u00a0\u00bb custom_padding=\u00a0\u00bb50px||50px||false|false\u00a0\u00bb animation_style=\u00a0\u00bbfade\u00a0\u00bb animation_speed_curve=\u00a0\u00bblinear\u00a0\u00bb auto=\u00a0\u00bbon\u00a0\u00bb hover_transition_speed_curve=\u00a0\u00bblinear\u00a0\u00bb global_colors_info=\u00a0\u00bb{}\u00a0\u00bb][et_pb_slide use_bg_overlay=\u00a0\u00bboff\u00a0\u00bb arrows_custom_color=\u00a0\u00bbRGBA(255,255,255,0)\u00a0\u00bb dot_nav_custom_color=\u00a0\u00bb#E02B20&Prime; _builder_version=\u00a0\u00bb4.22.2&Prime; _module_preset=\u00a0\u00bbdefault\u00a0\u00bb header_font=\u00a0\u00bb|800|||||||\u00a0\u00bb background_enable_color=\u00a0\u00bboff\u00a0\u00bb background_layout=\u00a0\u00bblight\u00a0\u00bb custom_padding=\u00a0\u00bb|0px||0px|false|false\u00a0\u00bb border_style_all_image=\u00a0\u00bbnone\u00a0\u00bb global_colors_info=\u00a0\u00bb{}\u00a0\u00bb sticky_transition=\u00a0\u00bbon\u00a0\u00bb]<\/p>\n<p><img loading=\"lazy\" decoding=\"async\" src=\"https:\/\/phev.stjeromemitsubishi.ca\/wp-content\/uploads\/2023\/12\/spe\u0301cifications-Mobile.jpg\" width=\"348\" height=\"400\" alt=\"\" class=\"wp-image-369 aligncenter size-full\" srcset=\"https:\/\/phev.stjeromemitsubishi.ca\/wp-content\/uploads\/2023\/12\/spe\u0301cifications-Mobile.jpg 348w, https:\/\/phev.stjeromemitsubishi.ca\/wp-content\/uploads\/2023\/12\/spe\u0301cifications-Mobile-261x300.jpg 261w\" sizes=\"auto, (max-width: 348px) 100vw, 348px\" \/><\/p>\n<p>[\/et_pb_slide][et_pb_slide use_bg_overlay=\u00a0\u00bboff\u00a0\u00bb arrows_custom_color=\u00a0\u00bbRGBA(255,255,255,0)\u00a0\u00bb dot_nav_custom_color=\u00a0\u00bb#E02B20&Prime; _builder_version=\u00a0\u00bb4.16&Prime; _module_preset=\u00a0\u00bbdefault\u00a0\u00bb header_font=\u00a0\u00bb|800|||||||\u00a0\u00bb background_enable_color=\u00a0\u00bboff\u00a0\u00bb background_layout=\u00a0\u00bblight\u00a0\u00bb custom_padding=\u00a0\u00bb|0px||0px|false|false\u00a0\u00bb border_style_all_image=\u00a0\u00bbnone\u00a0\u00bb global_colors_info=\u00a0\u00bb{}\u00a0\u00bb sticky_transition=\u00a0\u00bbon\u00a0\u00bb]<\/p>\n<p><img decoding=\"async\" src=\"https:\/\/phev.stjeromemitsubishi.ca\/wp-content\/uploads\/2022\/03\/PHEV2023-SAWC-MOBILE.jpg\" \/><\/p>\n<p>[\/et_pb_slide][et_pb_slide use_bg_overlay=\u00a0\u00bboff\u00a0\u00bb arrows_custom_color=\u00a0\u00bbRGBA(255,255,255,0)\u00a0\u00bb dot_nav_custom_color=\u00a0\u00bb#E02B20&Prime; _builder_version=\u00a0\u00bb4.22.2&Prime; _module_preset=\u00a0\u00bbdefault\u00a0\u00bb header_font=\u00a0\u00bb|800|||||||\u00a0\u00bb background_enable_color=\u00a0\u00bboff\u00a0\u00bb background_layout=\u00a0\u00bblight\u00a0\u00bb custom_padding=\u00a0\u00bb|0px||0px|false|false\u00a0\u00bb border_style_all_image=\u00a0\u00bbnone\u00a0\u00bb global_colors_info=\u00a0\u00bb{}\u00a0\u00bb sticky_transition=\u00a0\u00bbon\u00a0\u00bb]<\/p>\n<p><img loading=\"lazy\" decoding=\"async\" src=\"https:\/\/phev.stjeromemitsubishi.ca\/wp-content\/uploads\/2023\/12\/7-passagers-Mobile.jpg\" width=\"348\" height=\"400\" alt=\"\" class=\"wp-image-372 aligncenter size-full\" srcset=\"https:\/\/phev.stjeromemitsubishi.ca\/wp-content\/uploads\/2023\/12\/7-passagers-Mobile.jpg 348w, https:\/\/phev.stjeromemitsubishi.ca\/wp-content\/uploads\/2023\/12\/7-passagers-Mobile-261x300.jpg 261w\" sizes=\"auto, (max-width: 348px) 100vw, 348px\" \/><\/p>\n<p>[\/et_pb_slide][et_pb_slide use_bg_overlay=\u00a0\u00bboff\u00a0\u00bb arrows_custom_color=\u00a0\u00bbRGBA(255,255,255,0)\u00a0\u00bb dot_nav_custom_color=\u00a0\u00bb#E02B20&Prime; _builder_version=\u00a0\u00bb4.22.2&Prime; _module_preset=\u00a0\u00bbdefault\u00a0\u00bb header_font=\u00a0\u00bb|800|||||||\u00a0\u00bb background_enable_color=\u00a0\u00bboff\u00a0\u00bb background_layout=\u00a0\u00bblight\u00a0\u00bb custom_padding=\u00a0\u00bb|0px||0px|false|false\u00a0\u00bb border_style_all_image=\u00a0\u00bbnone\u00a0\u00bb global_colors_info=\u00a0\u00bb{}\u00a0\u00bb sticky_transition=\u00a0\u00bbon\u00a0\u00bb]<\/p>\n<p><img decoding=\"async\" src=\"https:\/\/phev.stjeromemitsubishi.ca\/wp-content\/uploads\/2022\/03\/PHEV2023-REMBOURSABLE-MOBILE.jpg\" \/><\/p>\n<p>[\/et_pb_slide][\/et_pb_slider][\/et_pb_column][\/et_pb_row][et_pb_row _builder_version=\u00a0\u00bb4.16&Prime; _module_preset=\u00a0\u00bbdefault\u00a0\u00bb custom_padding=\u00a0\u00bb0px||||false|false\u00a0\u00bb global_colors_info=\u00a0\u00bb{}\u00a0\u00bb][et_pb_column type=\u00a0\u00bb4_4&Prime; _builder_version=\u00a0\u00bb4.16&Prime; _module_preset=\u00a0\u00bbdefault\u00a0\u00bb global_colors_info=\u00a0\u00bb{}\u00a0\u00bb][et_pb_button button_text=\u00a0\u00bbR\u00c9SERVEZ VOTRE PHEV D\u00c8S MAINTENANT\u00a0\u00bb button_alignment=\u00a0\u00bbcenter\u00a0\u00bb module_id=\u00a0\u00bboutlander-reserve\u00a0\u00bb _builder_version=\u00a0\u00bb4.16&Prime; _module_preset=\u00a0\u00bbdefault\u00a0\u00bb custom_button=\u00a0\u00bbon\u00a0\u00bb button_text_color=\u00a0\u00bb#FFFFFF\u00a0\u00bb button_bg_color=\u00a0\u00bb#ed0000&Prime; button_border_width=\u00a0\u00bb0px\u00a0\u00bb button_border_radius=\u00a0\u00bb0px\u00a0\u00bb global_colors_info=\u00a0\u00bb{}\u00a0\u00bb][\/et_pb_button][\/et_pb_column][\/et_pb_row][\/et_pb_section][et_pb_section fb_built=\u00a0\u00bb1&Prime; _builder_version=\u00a0\u00bb4.16&Prime; _module_preset=\u00a0\u00bbdefault\u00a0\u00bb background_color=\u00a0\u00bb#f4f4f4&Prime; global_colors_info=\u00a0\u00bb{}\u00a0\u00bb][et_pb_row _builder_version=\u00a0\u00bb4.16&Prime; _module_preset=\u00a0\u00bbdefault\u00a0\u00bb global_colors_info=\u00a0\u00bb{}\u00a0\u00bb][et_pb_column type=\u00a0\u00bb4_4&Prime; _builder_version=\u00a0\u00bb4.16&Prime; _module_preset=\u00a0\u00bbdefault\u00a0\u00bb global_colors_info=\u00a0\u00bb{}\u00a0\u00bb][et_pb_text module_id=\u00a0\u00bboutlander-details\u00a0\u00bb _builder_version=\u00a0\u00bb4.16&Prime; _module_preset=\u00a0\u00bbdefault\u00a0\u00bb header_text_align=\u00a0\u00bbcenter\u00a0\u00bb header_2_text_align=\u00a0\u00bbcenter\u00a0\u00bb global_colors_info=\u00a0\u00bb{}\u00a0\u00bb]<\/p>\n<h2>POURQUOI R\u00c9SERVER VOTRE PHEV 2025<br \/>CHEZ ST-J\u00c9R\u00d4ME MITSUBISHI ?<\/h2>\n<p>[\/et_pb_text][\/et_pb_column][\/et_pb_row][et_pb_row column_structure=\u00a0\u00bb1_2,1_2&Prime; _builder_version=\u00a0\u00bb4.16&Prime; _module_preset=\u00a0\u00bbdefault\u00a0\u00bb global_colors_info=\u00a0\u00bb{}\u00a0\u00bb][et_pb_column type=\u00a0\u00bb1_2&Prime; _builder_version=\u00a0\u00bb4.16&Prime; _module_preset=\u00a0\u00bbdefault\u00a0\u00bb global_colors_info=\u00a0\u00bb{}\u00a0\u00bb][et_pb_text module_id=\u00a0\u00bboutlander-red-list\u00a0\u00bb _builder_version=\u00a0\u00bb4.16&Prime; _module_preset=\u00a0\u00bbdefault\u00a0\u00bb custom_css_main_element=\u00a0\u00bblist-style-type:none;\u00a0\u00bb global_colors_info=\u00a0\u00bb{}\u00a0\u00bb]<\/p>\n<ul class=\"fa-ul\">\n<li><span class=\"fa-li fa-circle\"><i class=\"fas fa-check-circle\" aria-hidden=\"true\"><\/i><\/span><span style=\"font-weight: 400;\">Nous avons l&rsquo;expertise souhait\u00e9e pour bien vous informer sur les rabais gouvernementaux apr\u00e8s notre <strong>100aine de v\u00e9hicules de type PHEV<\/strong> que nous avons livr\u00e9.<\/span><\/li>\n<li><span class=\"fa-li fa-circle\"><i class=\"fas fa-check-circle\" aria-hidden=\"true\"><\/i><\/span>Le d\u00e9p\u00f4t de 500 $ est <strong>100 % remboursable<\/strong> si vous n&rsquo;\u00eates pas satisfait \u00e0 la livraison ou si les d\u00e9lais de livraison sont trop longs. <strong>Sans tracas. Sans question.<\/strong><\/li>\n<\/ul>\n<p>[\/et_pb_text][\/et_pb_column][et_pb_column type=\u00a0\u00bb1_2&Prime; _builder_version=\u00a0\u00bb4.16&Prime; _module_preset=\u00a0\u00bbdefault\u00a0\u00bb global_colors_info=\u00a0\u00bb{}\u00a0\u00bb][et_pb_text module_id=\u00a0\u00bboutlander-red-list\u00a0\u00bb _builder_version=\u00a0\u00bb4.22.2&Prime; _module_preset=\u00a0\u00bbdefault\u00a0\u00bb custom_css_main_element=\u00a0\u00bblist-style-type:none;\u00a0\u00bb global_colors_info=\u00a0\u00bb{}\u00a0\u00bb]<\/p>\n<ul class=\"fa-ul\">\n<li><span class=\"fa-li fa-circle\"><i class=\"fas fa-check-circle\" aria-hidden=\"true\"><\/i><\/span><span style=\"font-weight: 400;\">Plusieurs sp\u00e9cialistes de produits \u00e9lectriques certifi\u00e9s sont sur place  pour vous accueillir et vous en  informer.<\/span><\/li>\n<li><span class=\"fa-li fa-circle\"><i class=\"fas fa-check-circle\" aria-hidden=\"true\"><\/i><\/span><span style=\"font-weight: 400;\">Nous vous accompagnons dans le choix de votre <strong>borne de recharge<\/strong> et, au besoin, de vous recommander un <strong>\u00e9lectricien pour l\u2019installation.<\/strong><\/span><\/li>\n<\/ul>\n<p>[\/et_pb_text][\/et_pb_column][\/et_pb_row][et_pb_row _builder_version=\u00a0\u00bb4.16&Prime; _module_preset=\u00a0\u00bbdefault\u00a0\u00bb global_colors_info=\u00a0\u00bb{}\u00a0\u00bb][et_pb_column type=\u00a0\u00bb4_4&Prime; _builder_version=\u00a0\u00bb4.16&Prime; _module_preset=\u00a0\u00bbdefault\u00a0\u00bb global_colors_info=\u00a0\u00bb{}\u00a0\u00bb][et_pb_button button_text=\u00a0\u00bbCOMPL\u00c9TEZ LA R\u00c9SERVATION AU T\u00c9L\u00c9PHONE\u00a0\u00bb button_alignment=\u00a0\u00bbcenter\u00a0\u00bb module_id=\u00a0\u00bboutlander-reserve\u00a0\u00bb _builder_version=\u00a0\u00bb4.16&Prime; _module_preset=\u00a0\u00bbdefault\u00a0\u00bb custom_button=\u00a0\u00bbon\u00a0\u00bb button_text_color=\u00a0\u00bb#FFFFFF\u00a0\u00bb button_bg_color=\u00a0\u00bb#ed0000&Prime; button_border_width=\u00a0\u00bb0px\u00a0\u00bb button_border_radius=\u00a0\u00bb0px\u00a0\u00bb global_colors_info=\u00a0\u00bb{}\u00a0\u00bb][\/et_pb_button][\/et_pb_column][\/et_pb_row][\/et_pb_section][et_pb_section fb_built=\u00a0\u00bb1&Prime; _builder_version=\u00a0\u00bb4.16&Prime; _module_preset=\u00a0\u00bbdefault\u00a0\u00bb background_color=\u00a0\u00bb#000000&Prime; global_colors_info=\u00a0\u00bb{}\u00a0\u00bb][et_pb_row _builder_version=\u00a0\u00bb4.16&Prime; _module_preset=\u00a0\u00bbdefault\u00a0\u00bb width=\u00a0\u00bb50%\u00a0\u00bb width_tablet=\u00a0\u00bb50%\u00a0\u00bb width_phone=\u00a0\u00bb90%\u00a0\u00bb width_last_edited=\u00a0\u00bbon|phone\u00a0\u00bb module_alignment=\u00a0\u00bbcenter\u00a0\u00bb global_colors_info=\u00a0\u00bb{}\u00a0\u00bb][et_pb_column type=\u00a0\u00bb4_4&Prime; _builder_version=\u00a0\u00bb4.16&Prime; _module_preset=\u00a0\u00bbdefault\u00a0\u00bb global_colors_info=\u00a0\u00bb{}\u00a0\u00bb][et_pb_text module_id=\u00a0\u00bbrabais\u00a0\u00bb _builder_version=\u00a0\u00bb4.22.2&Prime; _module_preset=\u00a0\u00bbdefault\u00a0\u00bb header_text_align=\u00a0\u00bbcenter\u00a0\u00bb header_2_text_align=\u00a0\u00bbcenter\u00a0\u00bb header_2_text_color=\u00a0\u00bb#FFFFFF\u00a0\u00bb header_2_font_size=\u00a0\u00bb36px\u00a0\u00bb header_4_text_align=\u00a0\u00bbcenter\u00a0\u00bb hover_enabled=\u00a0\u00bb0&Prime; global_colors_info=\u00a0\u00bb{}\u00a0\u00bb sticky_enabled=\u00a0\u00bb0&Prime;]<\/p>\n<h2>RABAIS GOUVERNEMENTAUX<\/h2>\n<p><span style=\"font-weight: 400; color: #ffffff;\"><strong>St-J\u00e9r\u00f4me Mitsubishi<\/strong> s\u2019occupe de la prise en charge de la r\u00e9clamation des rabais gouvernementaux et nous vous accompagnons dans le choix de votre borne de recharge et, au besoin, de vous recommander un \u00e9lectricien pour l\u2019installation. Avec les rabais gouvernementaux, le prix de vente du <strong>Outlander PHEV 2025 <\/strong>\u00a0sera \u00e9quivalent au mod\u00e8le \u00e0 essence.<\/span><\/p>\n<p style=\"color: #fff; margin-top: 3rem; font-size: 16px;\">En combinant le rabais offert par le gouvernement du Qu\u00e9bec avec l\u2019aide financi\u00e8re f\u00e9d\u00e9rale, vous pourriez obtenir jusqu\u2019\u00e0<\/p>\n<h4>10 000$ DE RABAIS<\/h4>\n<p><span style=\"color:#fff; font-size:24px;\">(se termine le 1er Janvier 2025)<\/span>[\/et_pb_text][\/et_pb_column][\/et_pb_row][et_pb_row _builder_version=\u00a0\u00bb4.16&Prime; _module_preset=\u00a0\u00bbdefault\u00a0\u00bb global_colors_info=\u00a0\u00bb{}\u00a0\u00bb][et_pb_column type=\u00a0\u00bb4_4&Prime; _builder_version=\u00a0\u00bb4.16&Prime; _module_preset=\u00a0\u00bbdefault\u00a0\u00bb global_colors_info=\u00a0\u00bb{}\u00a0\u00bb][et_pb_button button_text=\u00a0\u00bbR\u00c9SERVEZ VOTRE PHEV D\u00c8S MAINTENANT\u00a0\u00bb button_alignment=\u00a0\u00bbcenter\u00a0\u00bb module_id=\u00a0\u00bboutlander-reserve\u00a0\u00bb _builder_version=\u00a0\u00bb4.16&Prime; _module_preset=\u00a0\u00bbdefault\u00a0\u00bb custom_button=\u00a0\u00bbon\u00a0\u00bb button_text_color=\u00a0\u00bb#FFFFFF\u00a0\u00bb button_bg_color=\u00a0\u00bb#ed0000&Prime; button_border_width=\u00a0\u00bb0px\u00a0\u00bb button_border_radius=\u00a0\u00bb0px\u00a0\u00bb global_colors_info=\u00a0\u00bb{}\u00a0\u00bb][\/et_pb_button][\/et_pb_column][\/et_pb_row][\/et_pb_section][et_pb_section fb_built=\u00a0\u00bb1&Prime; _builder_version=\u00a0\u00bb4.16&Prime; _module_preset=\u00a0\u00bbdefault\u00a0\u00bb custom_margin=\u00a0\u00bb||||true\u00a0\u00bb custom_padding=\u00a0\u00bb0px||0px||true|false\u00a0\u00bb global_colors_info=\u00a0\u00bb{}\u00a0\u00bb][et_pb_row column_structure=\u00a0\u00bb1_2,1_2&Prime; use_custom_gutter=\u00a0\u00bbon\u00a0\u00bb gutter_width=\u00a0\u00bb2&Prime; make_equal=\u00a0\u00bbon\u00a0\u00bb _builder_version=\u00a0\u00bb4.16&Prime; _module_preset=\u00a0\u00bbdefault\u00a0\u00bb width=\u00a0\u00bb100%\u00a0\u00bb max_width=\u00a0\u00bb100%\u00a0\u00bb module_alignment=\u00a0\u00bbcenter\u00a0\u00bb custom_margin=\u00a0\u00bb0px|0px|0px|0px|true|true\u00a0\u00bb custom_padding=\u00a0\u00bb0px|0px|0px|0px|true|true\u00a0\u00bb global_colors_info=\u00a0\u00bb{}\u00a0\u00bb][et_pb_column type=\u00a0\u00bb1_2&Prime; _builder_version=\u00a0\u00bb4.16&Prime; _module_preset=\u00a0\u00bbdefault\u00a0\u00bb background_enable_image=\u00a0\u00bboff\u00a0\u00bb custom_padding=\u00a0\u00bb||||false|false\u00a0\u00bb global_colors_info=\u00a0\u00bb{}\u00a0\u00bb][et_pb_image src=\u00a0\u00bbhttps:\/\/phev.stjeromemitsubishi.ca\/wp-content\/uploads\/2022\/02\/PHEV.png\u00a0\u00bb title_text=\u00a0\u00bbPHEV\u00a0\u00bb _builder_version=\u00a0\u00bb4.16&Prime; _module_preset=\u00a0\u00bbdefault\u00a0\u00bb global_colors_info=\u00a0\u00bb{}\u00a0\u00bb][\/et_pb_image][\/et_pb_column][et_pb_column type=\u00a0\u00bb1_2&Prime; _builder_version=\u00a0\u00bb4.16&Prime; _module_preset=\u00a0\u00bbdefault\u00a0\u00bb background_image=\u00a0\u00bbhttps:\/\/phev.stjeromemitsubishi.ca\/wp-content\/uploads\/2022\/02\/electric-car-bg.png\u00a0\u00bb custom_padding=\u00a0\u00bb||||false|false\u00a0\u00bb global_colors_info=\u00a0\u00bb{}\u00a0\u00bb][et_pb_text module_id=\u00a0\u00bbenergie-verte\u00a0\u00bb _builder_version=\u00a0\u00bb4.16&Prime; _module_preset=\u00a0\u00bbdefault\u00a0\u00bb custom_margin=\u00a0\u00bb12%||10%||false|false\u00a0\u00bb custom_padding=\u00a0\u00bb||||false|false\u00a0\u00bb global_colors_info=\u00a0\u00bb{}\u00a0\u00bb]<\/p>\n<h4>\u00a02 MOTEURS \u00c0 TRACTION \u00c9LECTRIQUES &#8211; \u00c0 L&rsquo;AVANT ET \u00c0 L&rsquo;ARRI\u00c8RE<\/h4>\n<h5>La performance de la batterie<br \/>grandement am\u00e9lior\u00e9e qui<br \/>surpassera toute concurrence<\/h5>\n<p><strong>\u00a0 \u00a0 \u00a0<\/strong><span><span class=\"goog-text-highlight\"><strong>Le nouveau Mitsubishi Outlander PHEV<\/strong> a \u00e9t\u00e9 d\u00e9velopp\u00e9 pour avoir une distance de conduite maximale en mode tout \u00e9lectrique <strong>augment\u00e9e \u00e0 61 kilom\u00e8tres<\/strong> (selon les normes WLTC) gr\u00e2ce \u00e0 la taille de la batterie hybride.Elle est <strong>20% plus grande<\/strong> et augmente \u00e9galement la puissance des moteurs \u00e9lectriques \u00e0 l&rsquo;avant et \u00e0 l&rsquo;arri\u00e8re de <strong>40%<\/strong> par rapport au mod\u00e8le pr\u00e9c\u00e9dent. <\/span><span class=\"\">Avec le syst\u00e8me de traction int\u00e9grale S-AWC avec 7 modes de conduite au choix et le syst\u00e8me AYC (Active Yaw Control) aide \u00e0 contr\u00f4ler le couple en cons\u00e9quence en fonction des conditions de la route \u00e0 ce moment-l\u00e0.<\/span><\/span><\/p>\n<p>(Ces informations seront r\u00e9\u00e9valu\u00e9es et ajust\u00e9es selon la m\u00e9thode de calcul canadienne)<span><span class=\"\"><\/span><\/span><\/p>\n<p>&nbsp;<\/p>\n<p>[\/et_pb_text][\/et_pb_column][\/et_pb_row][\/et_pb_section][et_pb_section fb_built=\u00a0\u00bb1&Prime; custom_padding_last_edited=\u00a0\u00bbon|phone\u00a0\u00bb _builder_version=\u00a0\u00bb4.16&Prime; _module_preset=\u00a0\u00bbdefault\u00a0\u00bb background_color=\u00a0\u00bb#f4f4f4&Prime; background_enable_image=\u00a0\u00bboff\u00a0\u00bb min_height=\u00a0\u00bb200px\u00a0\u00bb max_height=\u00a0\u00bb500px\u00a0\u00bb custom_margin=\u00a0\u00bb0px||0px||true|false\u00a0\u00bb custom_padding=\u00a0\u00bb0px||0px||false|false\u00a0\u00bb custom_padding_tablet=\u00a0\u00bb0px||0px||false|false\u00a0\u00bb custom_padding_phone=\u00a0\u00bb0px||0px||false|false\u00a0\u00bb global_colors_info=\u00a0\u00bb{}\u00a0\u00bb][et_pb_row use_custom_gutter=\u00a0\u00bbon\u00a0\u00bb gutter_width=\u00a0\u00bb1&Prime; _builder_version=\u00a0\u00bb4.16&Prime; _module_preset=\u00a0\u00bbdefault\u00a0\u00bb background_color=\u00a0\u00bb#f4f4f4&Prime; width=\u00a0\u00bb100%\u00a0\u00bb max_width=\u00a0\u00bb100%\u00a0\u00bb module_alignment=\u00a0\u00bbcenter\u00a0\u00bb custom_margin=\u00a0\u00bb0px|0px|0px|0px|true|true\u00a0\u00bb custom_padding=\u00a0\u00bb0px|0px|0px|0px|true|true\u00a0\u00bb global_colors_info=\u00a0\u00bb{}\u00a0\u00bb][et_pb_column type=\u00a0\u00bb4_4&Prime; _builder_version=\u00a0\u00bb4.16&Prime; _module_preset=\u00a0\u00bbdefault\u00a0\u00bb global_colors_info=\u00a0\u00bb{}\u00a0\u00bb][et_pb_image src=\u00a0\u00bbhttps:\/\/phev.stjeromemitsubishi.ca\/wp-content\/uploads\/2022\/02\/video-yt.jpg\u00a0\u00bb title_text=\u00a0\u00bbvideo-yt\u00a0\u00bb url=\u00a0\u00bbhttps:\/\/www.youtube.com\/watch?v=u5EkSsZTYpg\u00a0\u00bb align=\u00a0\u00bbcenter\u00a0\u00bb force_fullwidth=\u00a0\u00bbon\u00a0\u00bb module_class=\u00a0\u00bbvideo_popup\u00a0\u00bb _builder_version=\u00a0\u00bb4.16&Prime; _module_preset=\u00a0\u00bbdefault\u00a0\u00bb custom_margin=\u00a0\u00bb0px|0px|0px|0px|true|true\u00a0\u00bb custom_padding=\u00a0\u00bb0px|0px|0px|0px|true|true\u00a0\u00bb global_colors_info=\u00a0\u00bb{}\u00a0\u00bb][\/et_pb_image][et_pb_code _builder_version=\u00a0\u00bb4.16&Prime; _module_preset=\u00a0\u00bbdefault\u00a0\u00bb global_colors_info=\u00a0\u00bb{}\u00a0\u00bb]<script type=\"text\/javascript\"><!-- [et_pb_line_break_holder] -->(function($) {<!-- [et_pb_line_break_holder] -->\t$(document).ready(function() {<!-- [et_pb_line_break_holder] -->\t\t$('a.video_popup, .video_popup a').magnificPopup({<!-- [et_pb_line_break_holder] -->\t\t\ttype: 'iframe',<!-- [et_pb_line_break_holder] -->\t\t\tmainClass: 'mfp-fade',<!-- [et_pb_line_break_holder] -->\t\t\tremovalDelay: 160,<!-- [et_pb_line_break_holder] -->\t\t\tpreloader: false,<!-- [et_pb_line_break_holder] -->\t\t\tfixedContentPos: false<!-- [et_pb_line_break_holder] -->\t\t});<!-- [et_pb_line_break_holder] -->\t});<!-- [et_pb_line_break_holder] -->})(jQuery);<!-- [et_pb_line_break_holder] --><\/script>[\/et_pb_code][\/et_pb_column][\/et_pb_row][\/et_pb_section][et_pb_section fb_built=\u00a0\u00bb1&Prime; _builder_version=\u00a0\u00bb4.16&Prime; _module_preset=\u00a0\u00bbdefault\u00a0\u00bb background_color=\u00a0\u00bb#f4f4f4&Prime; custom_padding=\u00a0\u00bb0px||||false|false\u00a0\u00bb global_colors_info=\u00a0\u00bb{}\u00a0\u00bb][et_pb_row _builder_version=\u00a0\u00bb4.16&Prime; _module_preset=\u00a0\u00bbdefault\u00a0\u00bb global_colors_info=\u00a0\u00bb{}\u00a0\u00bb][et_pb_column type=\u00a0\u00bb4_4&Prime; _builder_version=\u00a0\u00bb4.16&Prime; _module_preset=\u00a0\u00bbdefault\u00a0\u00bb global_colors_info=\u00a0\u00bb{}\u00a0\u00bb][et_pb_image src=\u00a0\u00bbhttps:\/\/phev.stjeromemitsubishi.ca\/wp-content\/uploads\/2022\/02\/10ans.png\u00a0\u00bb title_text=\u00a0\u00bb10ans\u00a0\u00bb align=\u00a0\u00bbcenter\u00a0\u00bb _builder_version=\u00a0\u00bb4.16&Prime; _module_preset=\u00a0\u00bbdefault\u00a0\u00bb global_colors_info=\u00a0\u00bb{}\u00a0\u00bb][\/et_pb_image][et_pb_text module_id=\u00a0\u00bbans\u00a0\u00bb _builder_version=\u00a0\u00bb4.16&Prime; _module_preset=\u00a0\u00bbdefault\u00a0\u00bb text_orientation=\u00a0\u00bbcenter\u00a0\u00bb width=\u00a0\u00bb80%\u00a0\u00bb module_alignment=\u00a0\u00bbcenter\u00a0\u00bb global_colors_info=\u00a0\u00bb{}\u00a0\u00bb]<\/p>\n<h4>LES VOITURES LES MIEUX<br \/>PROT\u00c9G\u00c9ES AU MONDE<\/h4>\n<p class=\"homeBody\">Chez <strong>St-J\u00e9r\u00f4me Mitsubishi<\/strong>, nous sommes si fiers de la qualit\u00e9 de nos v\u00e9hicules que nous prot\u00e9geons chacun d&rsquo;eux avec la garantie la plus compl\u00e8te qui soit.<\/p>\n<div class=\"threeCol\">\n<div><\/div>\n<\/div>\n<p>[\/et_pb_text][\/et_pb_column][\/et_pb_row][et_pb_row column_structure=\u00a0\u00bb1_3,1_3,1_3&Prime; use_custom_gutter=\u00a0\u00bbon\u00a0\u00bb gutter_width=\u00a0\u00bb4&Prime; make_equal=\u00a0\u00bbon\u00a0\u00bb module_id=\u00a0\u00bbans\u00a0\u00bb _builder_version=\u00a0\u00bb4.16&Prime; _module_preset=\u00a0\u00bbdefault\u00a0\u00bb module_alignment=\u00a0\u00bbcenter\u00a0\u00bb custom_margin=\u00a0\u00bb2rem||||false|false\u00a0\u00bb global_colors_info=\u00a0\u00bb{}\u00a0\u00bb][et_pb_column type=\u00a0\u00bb1_3&Prime; _builder_version=\u00a0\u00bb4.16&Prime; _module_preset=\u00a0\u00bbdefault\u00a0\u00bb global_colors_info=\u00a0\u00bb{}\u00a0\u00bb][et_pb_text _builder_version=\u00a0\u00bb4.16&Prime; _module_preset=\u00a0\u00bbdefault\u00a0\u00bb header_text_align=\u00a0\u00bbcenter\u00a0\u00bb text_orientation=\u00a0\u00bbcenter\u00a0\u00bb module_alignment=\u00a0\u00bbcenter\u00a0\u00bb global_colors_info=\u00a0\u00bb{}\u00a0\u00bb]<\/p>\n<h6>10 ANS<\/h6>\n<p>Garantie limit\u00e9e sur le<br \/>groupe motopropulseur<br \/>160 000 km<\/p>\n<p>[\/et_pb_text][\/et_pb_column][et_pb_column type=\u00a0\u00bb1_3&Prime; _builder_version=\u00a0\u00bb4.16&Prime; _module_preset=\u00a0\u00bbdefault\u00a0\u00bb global_colors_info=\u00a0\u00bb{}\u00a0\u00bb][et_pb_text _builder_version=\u00a0\u00bb4.16&Prime; _module_preset=\u00a0\u00bbdefault\u00a0\u00bb header_text_align=\u00a0\u00bbcenter\u00a0\u00bb text_orientation=\u00a0\u00bbcenter\u00a0\u00bb global_colors_info=\u00a0\u00bb{}\u00a0\u00bb]<\/p>\n<h6>5 ANS<\/h6>\n<p>Garantie de v\u00e9hicule<br \/>neuf 100 000 km<\/p>\n<p>[\/et_pb_text][\/et_pb_column][et_pb_column type=\u00a0\u00bb1_3&Prime; _builder_version=\u00a0\u00bb4.16&Prime; _module_preset=\u00a0\u00bbdefault\u00a0\u00bb global_colors_info=\u00a0\u00bb{}\u00a0\u00bb][et_pb_text _builder_version=\u00a0\u00bb4.16&Prime; _module_preset=\u00a0\u00bbdefault\u00a0\u00bb text_orientation=\u00a0\u00bbcenter\u00a0\u00bb global_colors_info=\u00a0\u00bb{}\u00a0\u00bb]<\/p>\n<h6>5 ANS<\/h6>\n<p>Assistance routi\u00e8re sur<br \/>5ans\/km illimit\u00e9<\/p>\n<p>[\/et_pb_text][\/et_pb_column][\/et_pb_row][\/et_pb_section][et_pb_section fb_built=\u00a0\u00bb1&Prime; _builder_version=\u00a0\u00bb4.16&Prime; _module_preset=\u00a0\u00bbdefault\u00a0\u00bb background_image=\u00a0\u00bbhttps:\/\/phev.stjeromemitsubishi.ca\/wp-content\/uploads\/2022\/02\/fullwidthoutlanders2.jpg\u00a0\u00bb module_alignment=\u00a0\u00bbcenter\u00a0\u00bb custom_margin=\u00a0\u00bb0px||0px||false|false\u00a0\u00bb custom_padding=\u00a0\u00bb0px||0px||false|false\u00a0\u00bb global_colors_info=\u00a0\u00bb{}\u00a0\u00bb][et_pb_row make_equal=\u00a0\u00bbon\u00a0\u00bb module_class=\u00a0\u00bbgq_r_fixed_buttons\u00a0\u00bb _builder_version=\u00a0\u00bb4.16&Prime; _module_preset=\u00a0\u00bbdefault\u00a0\u00bb custom_margin=\u00a0\u00bb||||false|false\u00a0\u00bb custom_padding=\u00a0\u00bb50%||||false|false\u00a0\u00bb global_colors_info=\u00a0\u00bb{}\u00a0\u00bb][et_pb_column type=\u00a0\u00bb4_4&Prime; _builder_version=\u00a0\u00bb4.16&Prime; _module_preset=\u00a0\u00bbdefault\u00a0\u00bb global_colors_info=\u00a0\u00bb{}\u00a0\u00bb][et_pb_button button_text=\u00a0\u00bbR\u00c9SERVEZ VOTRE PHEV D\u00c8S MAINTENANT\u00a0\u00bb button_alignment=\u00a0\u00bbcenter\u00a0\u00bb module_id=\u00a0\u00bboutlander-reserve\u00a0\u00bb _builder_version=\u00a0\u00bb4.16&Prime; _module_preset=\u00a0\u00bbdefault\u00a0\u00bb custom_button=\u00a0\u00bbon\u00a0\u00bb button_text_color=\u00a0\u00bb#FFFFFF\u00a0\u00bb button_bg_color=\u00a0\u00bb#ed0000&Prime; button_border_width=\u00a0\u00bb0px\u00a0\u00bb button_border_radius=\u00a0\u00bb0px\u00a0\u00bb custom_margin=\u00a0\u00bb||||false|false\u00a0\u00bb global_colors_info=\u00a0\u00bb{}\u00a0\u00bb][\/et_pb_button][\/et_pb_column][\/et_pb_row][\/et_pb_section]<\/p>\n","protected":false},"excerpt":{"rendered":"<p>N\u2019attendez plus et r\u00e9servezle tout nouveau OutlanderPHEV 2025. Remplissez ce formulaire et nous vous contacteronsdans les plus brefs d\u00e9lais.OUTLANDER PHEV 2025POURQUOI R\u00c9SERVER VOTRE PHEV 2025CHEZ ST-J\u00c9R\u00d4ME MITSUBISHI ? Nous avons l&rsquo;expertise souhait\u00e9e pour bien vous informer sur les rabais gouvernementaux apr\u00e8s notre 100aine de v\u00e9hicules de type PHEV que nous avons livr\u00e9. Le d\u00e9p\u00f4t de [&hellip;]<\/p>\n","protected":false},"author":1,"featured_media":0,"parent":0,"menu_order":0,"comment_status":"closed","ping_status":"closed","template":"","meta":{"_et_pb_use_builder":"on","_et_pb_old_content":"","_et_gb_content_width":"","footnotes":""},"class_list":["post-16","page","type-page","status-publish","hentry"],"_links":{"self":[{"href":"https:\/\/phev.stjeromemitsubishi.ca\/index.php?rest_route=\/wp\/v2\/pages\/16","targetHints":{"allow":["GET"]}}],"collection":[{"href":"https:\/\/phev.stjeromemitsubishi.ca\/index.php?rest_route=\/wp\/v2\/pages"}],"about":[{"href":"https:\/\/phev.stjeromemitsubishi.ca\/index.php?rest_route=\/wp\/v2\/types\/page"}],"author":[{"embeddable":true,"href":"https:\/\/phev.stjeromemitsubishi.ca\/index.php?rest_route=\/wp\/v2\/users\/1"}],"replies":[{"embeddable":true,"href":"https:\/\/phev.stjeromemitsubishi.ca\/index.php?rest_route=%2Fwp%2Fv2%2Fcomments&post=16"}],"version-history":[{"count":165,"href":"https:\/\/phev.stjeromemitsubishi.ca\/index.php?rest_route=\/wp\/v2\/pages\/16\/revisions"}],"predecessor-version":[{"id":378,"href":"https:\/\/phev.stjeromemitsubishi.ca\/index.php?rest_route=\/wp\/v2\/pages\/16\/revisions\/378"}],"wp:attachment":[{"href":"https:\/\/phev.stjeromemitsubishi.ca\/index.php?rest_route=%2Fwp%2Fv2%2Fmedia&parent=16"}],"curies":[{"name":"wp","href":"https:\/\/api.w.org\/{rel}","templated":true}]}}